{"id":590,"date":"2025-05-29T11:28:11","date_gmt":"2025-05-29T09:28:11","guid":{"rendered":"https:\/\/www.zeitgem\u00e4ss.eu\/?post_type=tribe_events&#038;p=590"},"modified":"2025-05-29T11:29:37","modified_gmt":"2025-05-29T09:29:37","slug":"bomfortionoes-international","status":"publish","type":"tribe_events","link":"https:\/\/www.zeitgem\u00e4ss.eu\/?tribe_events=bomfortionoes-international","title":{"rendered":"Bomfortion\u00f6s international! &#8211; Konzert: Herje + Wroc\u0142awska Orkiestra Improwizowana"},"content":{"rendered":"\n<p>Konzert: <strong>Herje Mine<\/strong> (BalkanMusik und Folk aus aus Polen, Israel, Venezuela und Deutschland)<\/p>\n\n\n\n<p>Improvisationen mit dem <strong>Wroc\u0142awska Orkiestra Improwizowana<\/strong><\/p>\n\n\n<div  class=\"tribe-events-schedule tribe-clearfix\" >\n\t<p class=\"tribe-events-schedule__datetime\">\n\t\t<span class=\"tribe-events-schedule__date tribe-events-schedule__date--start\">\n\t\t\tJuni 20, 2025\t\t<\/span>\n\n\t\t\t\t\t<span class=\"tribe-events-schedule__separator tribe-events-schedule__separator--date\">\n\t\t\t\t @ \t\t\t<\/span>\n\t\t\t<span class=\"tribe-events-schedule__time tribe-events-schedule__time--start\">\n\t\t\t\t7:00 p.m.\t\t\t<\/span>\n\t\t\n\t\t\t\t\t\t\t\t\t<span class=\"tribe-events-schedule__separator tribe-events-schedule__separator--time\">\n\t\t\t\t\t &#8211; \t\t\t\t<\/span>\n\t\t\t\n\t\t\t\t\t\t\t<span class=\"tribe-events-schedule__time tribe-events-schedule__time--end\">\n\t\t\t\t\t10:00 p.m.\t\t\t\t<\/span>\n\t\t\t\n\t\t\t\t\t\t<\/p>\n<\/div>\n\n\n\n<p>Herje Mine sind Doppelpreistr\u00e4ger (Jury und Publikumspreis) beim 31. Folkherbst Festival 2024 in Plauen. Sie f\u00fchlen, leben und spielen die Balkan-Musik in all ihrer Leidenschaft und Tiefe. F\u00fcnf MusikerInnen aus Polen, Israel, Venezuela und Deutschland, deren Herz so wahrhaftig mit dieser wunderbaren Musik verwurzelt zu sein scheint, dass man sofort Fernweh, Sehnsucht und Tanzwut f\u00fchlt, h\u00f6rt man ihnen auch nur ganz kurze Zeit zu. Ihrem Sound und ihrer Leidenschaft kann man sich nicht entziehen. Herje Mine sind: Izabela Ka\u0142du\u0144ska \u2013 Violine, Friederike von Oppeln-Bronikowski &#8211; Klarinette, Gal Levy\u2013 Schlagzeug, Jakob Petzl \u2013Kontrabass und Mauricio Vivas \u2013 Akkordeon. Zusammen erschaffen sie eine Klangwelt aus Tempo, feiner Dynamik, rhythmischer Vielfalt, Improvisation und Virtuosit\u00e4t. Sie entf\u00fchren uns mit ihrem K\u00f6nnen in ein Reich der Sinnlichkeit und Leidenschaft.<\/p>\n\n\n<div  class=\"tribe-block tribe-block__event-price\" >\n\t\t<\/div>\n\n\n\n\n<div  class=\"tribe-block tribe-block__venue tribe-clearfix\" >\n\t\n\t\t\n\t<\/div>\n\n\n\n\n\t<div  class=\"tribe-block tribe-block__events-link\" >\n\t\t<div class=\"tribe-events tribe-common\">\n\t\t\t<div class=\"tribe-events-c-subscribe-dropdown__container\">\n\t\t\t\t<div class=\"tribe-events-c-subscribe-dropdown\">\n\t\t\t\t\t<div class=\"tribe-common-c-btn-border tribe-events-c-subscribe-dropdown__button\">\n\t\t\t\t\t\t<svg\n\t class=\"tribe-common-c-svgicon tribe-common-c-svgicon--cal-export tribe-events-c-subscribe-dropdown__export-icon\" \taria-hidden=\"true\"\n\tviewBox=\"0 0 23 17\"\n\txmlns=\"http:\/\/www.w3.org\/2000\/svg\"\n>\n\t<path fill-rule=\"evenodd\" clip-rule=\"evenodd\" d=\"M.128.896V16.13c0 .211.145.383.323.383h15.354c.179 0 .323-.172.323-.383V.896c0-.212-.144-.383-.323-.383H.451C.273.513.128.684.128.896Zm16 6.742h-.901V4.679H1.009v10.729h14.218v-3.336h.901V7.638ZM1.01 1.614h14.218v2.058H1.009V1.614Z\" \/>\n\t<path d=\"M20.5 9.846H8.312M18.524 6.953l2.89 2.909-2.855 2.855\" stroke-width=\"1.2\" stroke-linecap=\"round\" stroke-linejoin=\"round\"\/>\n<\/svg>\n\t\t\t\t\t\t<button\n\t\t\t\t\t\t\tclass=\"tribe-events-c-subscribe-dropdown__button-text\"\n\t\t\t\t\t\t\taria-expanded=\"false\"\n\t\t\t\t\t\t\taria-controls=\"tribe-events-subscribe-dropdown-content\"\n\t\t\t\t\t\t\taria-label=\"Zeige Links an um Veranstaltungen zu deinem Kalender hinzuzuf\u00fcgen\"\n\t\t\t\t\t\t>\n\t\t\t\t\t\t\tZum Kalender hinzuf\u00fcgen\t\t\t\t\t\t<\/button>\n\t\t\t\t\t\t<svg\n\t class=\"tribe-common-c-svgicon tribe-common-c-svgicon--caret-down tribe-events-c-subscribe-dropdown__button-icon\" \taria-hidden=\"true\"\n\tviewBox=\"0 0 10 7\"\n\txmlns=\"http:\/\/www.w3.org\/2000\/svg\"\n>\n\t<path fill-rule=\"evenodd\" clip-rule=\"evenodd\" d=\"M1.008.609L5 4.6 8.992.61l.958.958L5 6.517.05 1.566l.958-.958z\" class=\"tribe-common-c-svgicon__svg-fill\"\/>\n<\/svg>\n\t\t\t\t\t<\/div>\n\t\t\t\t\t<div id=\"tribe-events-subscribe-dropdown-content\" class=\"tribe-events-c-subscribe-dropdown__content\">\n\t\t\t\t\t\t<ul class=\"tribe-events-c-subscribe-dropdown__list\">\n\t\t\t\t\t\t\t\t\t\t\t\t\t\t\t<li class=\"tribe-events-c-subscribe-dropdown__list-item tribe-events-c-subscribe-dropdown__list-item--gcal\">\n\t\t\t\t\t\t\t\t\t<a\n\t\t\t\t\t\t\t\t\t\thref=\"https:\/\/www.google.com\/calendar\/event?action=TEMPLATE&#038;dates=20250620T190000\/20250620T220000&#038;text=Bomfortion%C3%B6s%20international%21%20%26%238211%3B%20Konzert%3A%20Herje%20%2B%20Wroc%C5%82awska%20Orkiestra%20Improwizowana&#038;details=%3Cp%3EKonzert%3A+%3Cstrong%3EHerje+Mine%3C%2Fstrong%3E+%28BalkanMusik+und+Folk+aus+aus+Polen%2C+Israel%2C+Venezuela+und+Deutschland%29%3C%2Fp%3E+%3Cp%3EImprovisationen+mit+dem+%3Cstrong%3EWroc%C5%82awska+Orkiestra+Improwizowana%3C%2Fstrong%3E%3C%2Fp%3E+%3Cp%3EHerje+Mine+sind+Doppelpreistr%C3%A4ger+%28Jury+und+Publikumspreis%29+beim+31.+Folkherbst+Festival+2024+in+Plauen.+Sie+f%C3%BChlen%2C+leben+und+spielen+die+Balkan-Musik+in+all+ihrer+Leidenschaft+und+Tiefe.+F%C3%BCnf+MusikerInnen+aus+Polen%2C+Israel%2C+Venezuela+und+Deutschland%2C+deren+Herz+so+wahrhaftig+mit+dieser+wunderbaren+Musik+verwurzelt+zu+sein+scheint%2C+dass+man+sofort+Fernweh%2C+Sehnsucht+und+Tanzwut+f%C3%BChlt%2C+h%C3%B6rt+man+ihnen+auch+nur+ganz+kurze+Zeit+zu.+Ihrem+Sound+und+ihrer+Leidenschaft+kann+man+sich+nicht+entziehen.+Herje+Mine+sind%3A+Izabela+Ka%C5%82du%C5%84ska+%E2%80%93+Violine%2C+Friederike+von+Oppeln-Bronikowski+-+Klarinette%2C+Gal+Levy%E2%80%93+Schlagzeug%2C+Jakob+Petzl+%E2%80%93Kontrabass+und+Mauricio+Vivas+%E2%80%93+Akkordeon.+Zusammen+erschaffen+sie+eine+Klangwelt+aus+Tempo%2C+feiner+Dynamik%2C+rhythmischer+Vielfalt%2C+Improvi%3C%2Fp%3E+%28Zeige+vollst%C3%A4ndige+Veranstaltung-Beschreibung+hier+an%3A+https%3A%2F%2Fwww.zeitgem%C3%A4ss.eu%2F%3Ftribe_events%3Dbomfortionoes-international%29&#038;trp=false&#038;ctz=Europe\/Berlin&#038;sprop=website:https:\/\/www.zeitgem\u00e4ss.eu\"\n\t\t\t\t\t\t\t\t\t\tclass=\"tribe-events-c-subscribe-dropdown__list-item-link\"\n\t\t\t\t\t\t\t\t\t\ttarget=\"_blank\"\n\t\t\t\t\t\t\t\t\t\trel=\"noopener noreferrer nofollow noindex\"\n\t\t\t\t\t\t\t\t\t>\n\t\t\t\t\t\t\t\t\t\tGoogle Kalender\t\t\t\t\t\t\t\t\t<\/a>\n\t\t\t\t\t\t\t\t<\/li>\n\t\t\t\t\t\t\t\t\t\t\t\t\t\t\t<li class=\"tribe-events-c-subscribe-dropdown__list-item tribe-events-c-subscribe-dropdown__list-item--ical\">\n\t\t\t\t\t\t\t\t\t<a\n\t\t\t\t\t\t\t\t\t\thref=\"\"\n\t\t\t\t\t\t\t\t\t\tclass=\"tribe-events-c-subscribe-dropdown__list-item-link\"\n\t\t\t\t\t\t\t\t\t\ttarget=\"_blank\"\n\t\t\t\t\t\t\t\t\t\trel=\"noopener noreferrer nofollow noindex\"\n\t\t\t\t\t\t\t\t\t>\n\t\t\t\t\t\t\t\t\t\tiCalendar\t\t\t\t\t\t\t\t\t<\/a>\n\t\t\t\t\t\t\t\t<\/li>\n\t\t\t\t\t\t\t\t\t\t\t\t\t\t\t<li class=\"tribe-events-c-subscribe-dropdown__list-item tribe-events-c-subscribe-dropdown__list-item--outlook-365\">\n\t\t\t\t\t\t\t\t\t<a\n\t\t\t\t\t\t\t\t\t\thref=\"\"\n\t\t\t\t\t\t\t\t\t\tclass=\"tribe-events-c-subscribe-dropdown__list-item-link\"\n\t\t\t\t\t\t\t\t\t\ttarget=\"_blank\"\n\t\t\t\t\t\t\t\t\t\trel=\"noopener noreferrer nofollow noindex\"\n\t\t\t\t\t\t\t\t\t>\n\t\t\t\t\t\t\t\t\t\tOutlook 365\t\t\t\t\t\t\t\t\t<\/a>\n\t\t\t\t\t\t\t\t<\/li>\n\t\t\t\t\t\t\t\t\t\t\t\t\t\t\t<li class=\"tribe-events-c-subscribe-dropdown__list-item tribe-events-c-subscribe-dropdown__list-item--outlook-live\">\n\t\t\t\t\t\t\t\t\t<a\n\t\t\t\t\t\t\t\t\t\thref=\"\"\n\t\t\t\t\t\t\t\t\t\tclass=\"tribe-events-c-subscribe-dropdown__list-item-link\"\n\t\t\t\t\t\t\t\t\t\ttarget=\"_blank\"\n\t\t\t\t\t\t\t\t\t\trel=\"noopener noreferrer nofollow noindex\"\n\t\t\t\t\t\t\t\t\t>\n\t\t\t\t\t\t\t\t\t\tOutlook Live\t\t\t\t\t\t\t\t\t<\/a>\n\t\t\t\t\t\t\t\t<\/li>\n\t\t\t\t\t\t\t\t\t\t\t\t\t<\/ul>\n\t\t\t\t\t<\/div>\n\t\t\t\t<\/div>\n\t\t\t<\/div>\n\t\t<\/div>\n\t<\/div>\n\n","protected":false},"excerpt":{"rendered":"<p>Konzert: Herje Mine (BalkanMusik und Folk aus aus Polen, Israel, Venezuela und Deutschland) Improvisationen mit dem Wroc\u0142awska Orkiestra Improwizowana Herje Mine sind Doppelpreistr\u00e4ger (Jury und Publikumspreis) beim 31. Folkherbst Festival &hellip; <\/p>\n<p class=\"link-more\"><a href=\"https:\/\/www.zeitgem\u00e4ss.eu\/?tribe_events=bomfortionoes-international\" class=\"more-link\">Continue reading<span class=\"screen-reader-text\"> &#8222;Bomfortion\u00f6s international! &#8211; Konzert: Herje + Wroc\u0142awska Orkiestra Improwizowana&#8220;<\/span><\/a><\/p>\n","protected":false},"author":2,"featured_media":0,"template":"","meta":{"_EventAllDay":false,"_EventTimezone":"Europe\/Berlin","_EventStartDate":"2025-06-20 19:00:00","_EventEndDate":"2025-06-20 22:00:00","_EventStartDateUTC":"2025-06-20 17:00:00","_EventEndDateUTC":"2025-06-20 20:00:00","_EventShowMap":false,"_EventShowMapLink":false,"_EventURL":"","_EventCost":"","_EventCostDescription":"","_EventCurrencySymbol":"$","_EventCurrencyCode":"USD","_EventCurrencyPosition":"prefix","_EventDateTimeSeparator":" @ ","_EventTimeRangeSeparator":" - ","_EventOrganizerID":[],"_EventVenueID":[],"_OrganizerEmail":"","_OrganizerPhone":"","_OrganizerWebsite":"","_VenueAddress":"","_VenueCity":"","_VenueCountry":"","_VenueProvince":"","_VenueState":"","_VenueZip":"","_VenuePhone":"","_VenueURL":"","_VenueStateProvince":"","_VenueLat":"","_VenueLng":"","_VenueShowMap":false,"_VenueShowMapLink":false,"_tribe_events_status":"","_tribe_events_status_reason":"","footnotes":""},"tags":[],"tribe_events_cat":[],"class_list":["post-590","tribe_events","type-tribe_events","status-publish","hentry","no-thumbnail"],"_links":{"self":[{"href":"https:\/\/www.zeitgem\u00e4ss.eu\/index.php?rest_route=\/wp\/v2\/tribe_events\/590","targetHints":{"allow":["GET"]}}],"collection":[{"href":"https:\/\/www.zeitgem\u00e4ss.eu\/index.php?rest_route=\/wp\/v2\/tribe_events"}],"about":[{"href":"https:\/\/www.zeitgem\u00e4ss.eu\/index.php?rest_route=\/wp\/v2\/types\/tribe_events"}],"author":[{"embeddable":true,"href":"https:\/\/www.zeitgem\u00e4ss.eu\/index.php?rest_route=\/wp\/v2\/users\/2"}],"version-history":[{"count":2,"href":"https:\/\/www.zeitgem\u00e4ss.eu\/index.php?rest_route=\/wp\/v2\/tribe_events\/590\/revisions"}],"predecessor-version":[{"id":593,"href":"https:\/\/www.zeitgem\u00e4ss.eu\/index.php?rest_route=\/wp\/v2\/tribe_events\/590\/revisions\/593"}],"wp:attachment":[{"href":"https:\/\/www.zeitgem\u00e4ss.eu\/index.php?rest_route=%2Fwp%2Fv2%2Fmedia&parent=590"}],"wp:term":[{"taxonomy":"post_tag","embeddable":true,"href":"https:\/\/www.zeitgem\u00e4ss.eu\/index.php?rest_route=%2Fwp%2Fv2%2Ftags&post=590"},{"taxonomy":"tribe_events_cat","embeddable":true,"href":"https:\/\/www.zeitgem\u00e4ss.eu\/index.php?rest_route=%2Fwp%2Fv2%2Ftribe_events_cat&post=590"}],"curies":[{"name":"wp","href":"https:\/\/api.w.org\/{rel}","templated":true}]}}