{"id":611,"date":"2025-07-10T23:05:29","date_gmt":"2025-07-10T21:05:29","guid":{"rendered":"https:\/\/www.zeitgem\u00e4ss.eu\/?post_type=tribe_events&#038;p=611"},"modified":"2025-07-10T23:05:30","modified_gmt":"2025-07-10T21:05:30","slug":"reitler","status":"publish","type":"tribe_events","link":"https:\/\/www.zeitgem\u00e4ss.eu\/?tribe_events=reitler","title":{"rendered":"REITLER"},"content":{"rendered":"<div  class=\"tribe-events-schedule tribe-clearfix\" >\n\t<p class=\"tribe-events-schedule__datetime\">\n\t\t<span class=\"tribe-events-schedule__date tribe-events-schedule__date--start\">\n\t\t\tAugust 12, 2025\t\t<\/span>\n\n\t\t\t\t\t<span class=\"tribe-events-schedule__separator tribe-events-schedule__separator--date\">\n\t\t\t\t @ \t\t\t<\/span>\n\t\t\t<span class=\"tribe-events-schedule__time tribe-events-schedule__time--start\">\n\t\t\t\t7:00 a.m.\t\t\t<\/span>\n\t\t\n\t\t\t\t\t\t\t\t\t<span class=\"tribe-events-schedule__separator tribe-events-schedule__separator--time\">\n\t\t\t\t\t &#8211; \t\t\t\t<\/span>\n\t\t\t\n\t\t\t\t\t\t\t<span class=\"tribe-events-schedule__time tribe-events-schedule__time--end\">\n\t\t\t\t\t10:00 p.m.\t\t\t\t<\/span>\n\t\t\t\n\t\t\t\t\t\t<\/p>\n<\/div>\n\n\n\n<p>September 2023 lie\u00df die Leipziger Band REITLER mit ihrer neuen EP \u201eWir sind alle t\u00e4towiert\u201c aufhorchen.<\/p>\n\n\n\n<p>Die erste Ver\u00f6\ufb00entlichung nach sechs Jahren ist beinahe schon ein Comeback \u2013 und was f\u00fcr eines!<\/p>\n\n\n\n<p>REITLER sind einen Schritt zur\u00fcck zu ihren Wurzeln gegangen. Die Wurzeln aus \u00fcber drei\u00dfig Jahren<\/p>\n\n\n\n<p>gemeinsamer Bandgeschichte, die im wilden Nachwendejahr 1990 begann. Hunderte Konzerte in diversen<\/p>\n\n\n\n<p>Bands haben den Sound von Peter Krutsch (Drums) und Torsten Reitler (Gitarre, Gesang, Texte) geformt.<\/p>\n\n\n\n<p>Die Bandbreite reicht von Akustiksongs bis hin zu treibenden Discostampfern. Bei einem REITLER-Konzert<\/p>\n\n\n\n<p>wird kein Muskel geschont, auch nicht der zwischen den Ohren.<\/p>\n\n\n\n<p>Jetzt sind sie auf gro\u00dfer Fahrt durch zu den Herzen in der Provinz und in den St\u00e4dten &#8211; Liedertour 2025!<\/p>\n\n\n\n\n\n\n\n\n\n<figure class=\"wp-block-image size-large\"><img loading=\"lazy\" decoding=\"async\" width=\"683\" height=\"1024\" src=\"https:\/\/www.zeitgem\u00e4ss.eu\/wp-content\/uploads\/2025\/07\/reitler-683x1024.jpg\" alt=\"\" class=\"wp-image-612\" srcset=\"https:\/\/www.zeitgem\u00e4ss.eu\/wp-content\/uploads\/2025\/07\/reitler-683x1024.jpg 683w, https:\/\/www.zeitgem\u00e4ss.eu\/wp-content\/uploads\/2025\/07\/reitler-200x300.jpg 200w, https:\/\/www.zeitgem\u00e4ss.eu\/wp-content\/uploads\/2025\/07\/reitler-768x1152.jpg 768w, https:\/\/www.zeitgem\u00e4ss.eu\/wp-content\/uploads\/2025\/07\/reitler-560x840.jpg 560w, https:\/\/www.zeitgem\u00e4ss.eu\/wp-content\/uploads\/2025\/07\/reitler.jpg 800w\" sizes=\"auto, (max-width: 683px) 100vw, 683px\" \/><\/figure>\n\n\n<div  class=\"tribe-block tribe-block__event-price\" >\n\t\t<\/div>\n\n\n\n\n<div  class=\"tribe-block tribe-block__venue tribe-clearfix\" >\n\t\n\t\t\n\t<\/div>\n\n\n\n\n\t<div  class=\"tribe-block tribe-block__events-link\" >\n\t\t<div class=\"tribe-events tribe-common\">\n\t\t\t<div class=\"tribe-events-c-subscribe-dropdown__container\">\n\t\t\t\t<div class=\"tribe-events-c-subscribe-dropdown\">\n\t\t\t\t\t<div class=\"tribe-common-c-btn-border tribe-events-c-subscribe-dropdown__button\">\n\t\t\t\t\t\t<svg\n\t class=\"tribe-common-c-svgicon tribe-common-c-svgicon--cal-export tribe-events-c-subscribe-dropdown__export-icon\" \taria-hidden=\"true\"\n\tviewBox=\"0 0 23 17\"\n\txmlns=\"http:\/\/www.w3.org\/2000\/svg\"\n>\n\t<path fill-rule=\"evenodd\" clip-rule=\"evenodd\" d=\"M.128.896V16.13c0 .211.145.383.323.383h15.354c.179 0 .323-.172.323-.383V.896c0-.212-.144-.383-.323-.383H.451C.273.513.128.684.128.896Zm16 6.742h-.901V4.679H1.009v10.729h14.218v-3.336h.901V7.638ZM1.01 1.614h14.218v2.058H1.009V1.614Z\" \/>\n\t<path d=\"M20.5 9.846H8.312M18.524 6.953l2.89 2.909-2.855 2.855\" stroke-width=\"1.2\" stroke-linecap=\"round\" stroke-linejoin=\"round\"\/>\n<\/svg>\n\t\t\t\t\t\t<button\n\t\t\t\t\t\t\tclass=\"tribe-events-c-subscribe-dropdown__button-text\"\n\t\t\t\t\t\t\taria-expanded=\"false\"\n\t\t\t\t\t\t\taria-controls=\"tribe-events-subscribe-dropdown-content\"\n\t\t\t\t\t\t\taria-label=\"Zeige Links an um Veranstaltungen zu deinem Kalender hinzuzuf\u00fcgen\"\n\t\t\t\t\t\t>\n\t\t\t\t\t\t\tZum Kalender hinzuf\u00fcgen\t\t\t\t\t\t<\/button>\n\t\t\t\t\t\t<svg\n\t class=\"tribe-common-c-svgicon tribe-common-c-svgicon--caret-down tribe-events-c-subscribe-dropdown__button-icon\" \taria-hidden=\"true\"\n\tviewBox=\"0 0 10 7\"\n\txmlns=\"http:\/\/www.w3.org\/2000\/svg\"\n>\n\t<path fill-rule=\"evenodd\" clip-rule=\"evenodd\" d=\"M1.008.609L5 4.6 8.992.61l.958.958L5 6.517.05 1.566l.958-.958z\" class=\"tribe-common-c-svgicon__svg-fill\"\/>\n<\/svg>\n\t\t\t\t\t<\/div>\n\t\t\t\t\t<div id=\"tribe-events-subscribe-dropdown-content\" class=\"tribe-events-c-subscribe-dropdown__content\">\n\t\t\t\t\t\t<ul class=\"tribe-events-c-subscribe-dropdown__list\">\n\t\t\t\t\t\t\t\t\t\t\t\t\t\t\t<li class=\"tribe-events-c-subscribe-dropdown__list-item tribe-events-c-subscribe-dropdown__list-item--gcal\">\n\t\t\t\t\t\t\t\t\t<a\n\t\t\t\t\t\t\t\t\t\thref=\"https:\/\/www.google.com\/calendar\/event?action=TEMPLATE&#038;dates=20250812T070000\/20250812T220000&#038;text=REITLER&#038;details=%3Cp%3ESeptember+2023+lie%C3%9F+die+Leipziger+Band+REITLER+mit+ihrer+neuen+EP+%E2%80%9EWir+sind+alle+t%C3%A4towiert%E2%80%9C+aufhorchen.%3C%2Fp%3E+%3Cp%3EDie+erste+Ver%C3%B6%EF%AC%80entlichung+nach+sechs+Jahren+ist+beinahe+schon+ein+Comeback+%E2%80%93+und+was+f%C3%BCr+eines%21%3C%2Fp%3E+%3Cp%3EREITLER+sind+einen+Schritt+zur%C3%BCck+zu+ihren+Wurzeln+gegangen.+Die+Wurzeln+aus+%C3%BCber+drei%C3%9Fig+Jahren%3C%2Fp%3E+%3Cp%3Egemeinsamer+Bandgeschichte%2C+die+im+wilden+Nachwendejahr+1990+begann.+Hunderte+Konzerte+in+diversen%3C%2Fp%3E+%3Cp%3EBands+haben+den+Sound+von+Peter+Krutsch+%28Drums%29+und+Torsten+Reitler+%28Gitarre%2C+Gesang%2C+Texte%29+geformt.%3C%2Fp%3E+%3Cp%3EDie+Bandbreite+reicht+von+Akustiksongs+bis+hin+zu+treibenden+Discostampfern.+Bei+einem+REITLER-Konzert%3C%2Fp%3E+%3Cp%3Ewird+kein+Muskel+geschont%2C+auch+nicht+der+zwischen+den+Ohren.%3C%2Fp%3E+%3Cp%3EJetzt+sind+sie+auf+gro%C3%9Fer+Fahrt+durch+zu+den+Herzen+in+der+Provinz+und+in+den+St%C3%A4dten+-+Liedertour+2025%21%3C%2Fp%3E+%3Cfigure+class%3D%22wp-block-image%22%3E%3Cimg+alt%3D%22%22%2F%3E%3C%2Ffigure%3E%3Cfigure+class%3D%22wp-block-image%22%3E%3Cimg+alt%3D%22%22%2F%3E%3C%2Ffigure%3E%3Cfigur+%28Zeige+vollst%C3%A4ndige+Veranstaltung-Beschreibung+hier+an%3A+https%3A%2F%2Fwww.zeitgem%C3%A4ss.eu%2F%3Ftribe_events%3Dreitler%29&#038;trp=false&#038;ctz=Europe\/Berlin&#038;sprop=website:https:\/\/www.zeitgem\u00e4ss.eu\"\n\t\t\t\t\t\t\t\t\t\tclass=\"tribe-events-c-subscribe-dropdown__list-item-link\"\n\t\t\t\t\t\t\t\t\t\ttarget=\"_blank\"\n\t\t\t\t\t\t\t\t\t\trel=\"noopener noreferrer nofollow noindex\"\n\t\t\t\t\t\t\t\t\t>\n\t\t\t\t\t\t\t\t\t\tGoogle Kalender\t\t\t\t\t\t\t\t\t<\/a>\n\t\t\t\t\t\t\t\t<\/li>\n\t\t\t\t\t\t\t\t\t\t\t\t\t\t\t<li class=\"tribe-events-c-subscribe-dropdown__list-item tribe-events-c-subscribe-dropdown__list-item--ical\">\n\t\t\t\t\t\t\t\t\t<a\n\t\t\t\t\t\t\t\t\t\thref=\"\"\n\t\t\t\t\t\t\t\t\t\tclass=\"tribe-events-c-subscribe-dropdown__list-item-link\"\n\t\t\t\t\t\t\t\t\t\ttarget=\"_blank\"\n\t\t\t\t\t\t\t\t\t\trel=\"noopener noreferrer nofollow noindex\"\n\t\t\t\t\t\t\t\t\t>\n\t\t\t\t\t\t\t\t\t\tiCalendar\t\t\t\t\t\t\t\t\t<\/a>\n\t\t\t\t\t\t\t\t<\/li>\n\t\t\t\t\t\t\t\t\t\t\t\t\t\t\t<li class=\"tribe-events-c-subscribe-dropdown__list-item tribe-events-c-subscribe-dropdown__list-item--outlook-365\">\n\t\t\t\t\t\t\t\t\t<a\n\t\t\t\t\t\t\t\t\t\thref=\"\"\n\t\t\t\t\t\t\t\t\t\tclass=\"tribe-events-c-subscribe-dropdown__list-item-link\"\n\t\t\t\t\t\t\t\t\t\ttarget=\"_blank\"\n\t\t\t\t\t\t\t\t\t\trel=\"noopener noreferrer nofollow noindex\"\n\t\t\t\t\t\t\t\t\t>\n\t\t\t\t\t\t\t\t\t\tOutlook 365\t\t\t\t\t\t\t\t\t<\/a>\n\t\t\t\t\t\t\t\t<\/li>\n\t\t\t\t\t\t\t\t\t\t\t\t\t\t\t<li class=\"tribe-events-c-subscribe-dropdown__list-item tribe-events-c-subscribe-dropdown__list-item--outlook-live\">\n\t\t\t\t\t\t\t\t\t<a\n\t\t\t\t\t\t\t\t\t\thref=\"\"\n\t\t\t\t\t\t\t\t\t\tclass=\"tribe-events-c-subscribe-dropdown__list-item-link\"\n\t\t\t\t\t\t\t\t\t\ttarget=\"_blank\"\n\t\t\t\t\t\t\t\t\t\trel=\"noopener noreferrer nofollow noindex\"\n\t\t\t\t\t\t\t\t\t>\n\t\t\t\t\t\t\t\t\t\tOutlook Live\t\t\t\t\t\t\t\t\t<\/a>\n\t\t\t\t\t\t\t\t<\/li>\n\t\t\t\t\t\t\t\t\t\t\t\t\t<\/ul>\n\t\t\t\t\t<\/div>\n\t\t\t\t<\/div>\n\t\t\t<\/div>\n\t\t<\/div>\n\t<\/div>\n\n","protected":false},"excerpt":{"rendered":"<p>September 2023 lie\u00df die Leipziger Band REITLER mit ihrer neuen EP \u201eWir sind alle t\u00e4towiert\u201c aufhorchen. Die erste Ver\u00f6\ufb00entlichung nach sechs Jahren ist beinahe schon ein Comeback \u2013 und was &hellip; <\/p>\n<p class=\"link-more\"><a href=\"https:\/\/www.zeitgem\u00e4ss.eu\/?tribe_events=reitler\" class=\"more-link\">Continue reading<span class=\"screen-reader-text\"> &#8222;REITLER&#8220;<\/span><\/a><\/p>\n","protected":false},"author":2,"featured_media":0,"template":"","meta":{"_EventAllDay":false,"_EventTimezone":"Europe\/Berlin","_EventStartDate":"2025-08-12 07:00:00","_EventEndDate":"2025-08-12 22:00:00","_EventStartDateUTC":"2025-08-12 05:00:00","_EventEndDateUTC":"2025-08-12 20:00:00","_EventShowMap":false,"_EventShowMapLink":false,"_EventURL":"","_EventCost":"","_EventCostDescription":"","_EventCurrencySymbol":"$","_EventCurrencyCode":"USD","_EventCurrencyPosition":"prefix","_EventDateTimeSeparator":" @ ","_EventTimeRangeSeparator":" - ","_EventOrganizerID":[],"_EventVenueID":[],"_OrganizerEmail":"","_OrganizerPhone":"","_OrganizerWebsite":"","_VenueAddress":"","_VenueCity":"","_VenueCountry":"","_VenueProvince":"","_VenueState":"","_VenueZip":"","_VenuePhone":"","_VenueURL":"","_VenueStateProvince":"","_VenueLat":"","_VenueLng":"","_VenueShowMap":false,"_VenueShowMapLink":false,"_tribe_events_status":"","_tribe_events_status_reason":"","footnotes":""},"tags":[],"tribe_events_cat":[],"class_list":["post-611","tribe_events","type-tribe_events","status-publish","hentry","no-thumbnail"],"_links":{"self":[{"href":"https:\/\/www.zeitgem\u00e4ss.eu\/index.php?rest_route=\/wp\/v2\/tribe_events\/611","targetHints":{"allow":["GET"]}}],"collection":[{"href":"https:\/\/www.zeitgem\u00e4ss.eu\/index.php?rest_route=\/wp\/v2\/tribe_events"}],"about":[{"href":"https:\/\/www.zeitgem\u00e4ss.eu\/index.php?rest_route=\/wp\/v2\/types\/tribe_events"}],"author":[{"embeddable":true,"href":"https:\/\/www.zeitgem\u00e4ss.eu\/index.php?rest_route=\/wp\/v2\/users\/2"}],"version-history":[{"count":1,"href":"https:\/\/www.zeitgem\u00e4ss.eu\/index.php?rest_route=\/wp\/v2\/tribe_events\/611\/revisions"}],"predecessor-version":[{"id":613,"href":"https:\/\/www.zeitgem\u00e4ss.eu\/index.php?rest_route=\/wp\/v2\/tribe_events\/611\/revisions\/613"}],"wp:attachment":[{"href":"https:\/\/www.zeitgem\u00e4ss.eu\/index.php?rest_route=%2Fwp%2Fv2%2Fmedia&parent=611"}],"wp:term":[{"taxonomy":"post_tag","embeddable":true,"href":"https:\/\/www.zeitgem\u00e4ss.eu\/index.php?rest_route=%2Fwp%2Fv2%2Ftags&post=611"},{"taxonomy":"tribe_events_cat","embeddable":true,"href":"https:\/\/www.zeitgem\u00e4ss.eu\/index.php?rest_route=%2Fwp%2Fv2%2Ftribe_events_cat&post=611"}],"curies":[{"name":"wp","href":"https:\/\/api.w.org\/{rel}","templated":true}]}}